{"id":527,"date":"2019-02-07T20:26:00","date_gmt":"2019-02-07T19:26:00","guid":{"rendered":"https:\/\/testing.2018.gruene.ch\/demo\/event\/klima-alarm-kundgebung-copy"},"modified":"2019-02-07T20:26:00","modified_gmt":"2019-02-07T19:26:00","slug":"klima-alarm","status":"publish","type":"tribe_events","link":"https:\/\/2019.gruenebern.ch\/vorlagefr\/event\/klima-alarm","title":{"rendered":"Klima-Alarm Kundgebung"},"content":{"rendered":"","protected":false},"excerpt":{"rendered":"<div class=\"s-block-item s-repeatable-item s-block-sortable-item s-blog-post-section blog-section\">\n<div class=\"container\">\n<div class=\"sixteen columns\">\n<div class=\"s-blog-section-inner\">\n<div class=\"s-component s-text\">\n<div class=\"s-component-content s-font-body\">\n<p>Am <strong>8. Dezember 12:00 &#8211; 13:00<\/strong> treffen wir uns auf dem <strong>Helvetiaplatz in Bern<\/strong> und l\u00f6sen zusammen mit tausenden von Menschen auf der ganzen Welt den Klima-Alarm aus! Wir laden alle Teilnehmenden ein, ihre Pfannen und L\u00f6ffel mitzubringen, um die gef\u00e4hrlich schl\u00e4frigen Entscheidungstr\u00e4ger aufzuwecken.<\/p>\n<\/div>\n<\/div>\n<\/div>\n<\/div>\n<\/div>\n<\/div>\n<div class=\"s-block-item s-repeatable-item s-block-sortable-item s-blog-post-section blog-section\">\n<div class=\"container\">\n<div class=\"sixteen columns\">\n<div class=\"s-blog-section-inner\">\n<div class=\"s-component s-text\">\n<div class=\"s-component-content s-font-body\">\n<p>Wie der Generalsekret\u00e4r der Vereinten Nationen und Tausende von Wissenschaftler*innen betonen, stellt der Klimawandel eine \u00ab\u00a0existenzielle Bedrohung\u00a0\u00bb dar.<\/p>\n<div class=\"s-block-item s-repeatable-item s-block-sortable-item s-blog-post-section blog-section\">\n<div class=\"container\">\n<div class=\"sixteen columns\">\n<div class=\"s-blog-section-inner\">\n<div class=\"s-component s-text\">\n<div class=\"s-component-content s-font-body\">\n<p>Das Jahresende 2018 ist entscheidend. W\u00e4hrend <strong>unser Parlament das CO2-Gesetz abschw\u00e4chen statt st\u00e4rken will<\/strong>, die globalen CO2-Emissionen weiter steigen und der autorit\u00e4re Nationalismus mit der aktiven Unterst\u00fctzung fossiler Energieunternehmen etwa in Brasilien an Macht gewinnt, treffen sich Staaten aus der ganzen Welt zur Klimakonferenz COP24 in Polen. Die Klimakonferenz ist besorgniserregend: Keines der europ\u00e4ischen L\u00e4nder hat seine Verpflichtungen aus dem Pariser Abkommen von 2015 erf\u00fcllt und die polnische Pr\u00e4sidentschaft ist bestrebt, beim Treffen einen Fokus auf \u00ab\u00a0saubere Kohle\u00a0\u00bb zu legen. Ende 2018 werden Entscheidungen gef\u00e4llt, bei denen die Existenzgrundlage von Millionen von Menschen, unsere Zukunft und die unserer Kinder auf dem Spiel stehen.<\/p>\n<\/div>\n<\/div>\n<\/div>\n<\/div>\n<\/div>\n<\/div>\n<div class=\"s-block-item s-repeatable-item s-block-sortable-item s-blog-post-section blog-section\">\n<div class=\"container\">\n<div class=\"sixteen columns\">\n<div class=\"s-blog-section-inner\">\n<div class=\"s-component s-text\">\n<div class=\"s-component-content s-font-body\">\n<p>Es liegt an uns allen, die \u00f6kologische und solidarische Wende einzuleiten. <strong>Klimaunt\u00e4tigkeit ist eine politische Entscheidung!<\/strong> Wir wollen, dass die heutigen Entscheidungen darauf hinzielen, 1.5\u00b0C Klimawandel nicht zu \u00fcberschreiten.<\/p>\n<\/div>\n<\/div>\n<\/div>\n<\/div>\n<\/div>\n<\/div>\n<div class=\"s-block-item s-repeatable-item s-block-sortable-item s-blog-post-section blog-section\">\n<div class=\"container\">\n<div class=\"sixteen columns\">\n<div class=\"s-blog-section-inner\">\n<div class=\"s-component s-text\">\n<div class=\"s-component-content s-font-body\">\n<p><strong>Noch ist es nicht zu sp\u00e4t<\/strong>, die schlimmsten Folgen der menschgemachten Klimaerw\u00e4rmung zu verhindern, wie der j\u00fcngste Sonderbericht des Weltklimarats zeigt.<\/p>\n<\/div>\n<\/div>\n<\/div>\n<\/div>\n<\/div>\n<\/div>\n<div class=\"s-block-item s-repeatable-item s-block-sortable-item s-blog-post-section blog-section\">\n<div class=\"container\">\n<div class=\"sixteen columns\">\n<div class=\"s-blog-section-inner\">\n<div class=\"s-component s-text\">\n<div class=\"s-component-content s-font-body\">\n<p>Lasst uns deshalb am 8. Dezember den Klima-Alarm ausl\u00f6sen! <strong>Zusammen mit tausenden von Menschen auf der ganzen Welt<\/strong>, in Genf, Paris, Dakar, Edinburgh, Berlin, Montreal machen wir so richtig L\u00e4rm mit Pfannen und L\u00f6ffeln, Trommeln und Trompeten und was sonst noch die Lautst\u00e4rke aufdrehen kann.<\/p>\n<\/div>\n<\/div>\n<\/div>\n<\/div>\n<\/div>\n<\/div>\n<\/div>\n<\/div>\n<\/div>\n<\/div>\n<\/div>\n<\/div>\n","protected":false},"author":1,"featured_media":0,"template":"","meta":{"_acf_changed":false,"inline_featured_image":false,"_tribe_events_status":"","_tribe_events_status_reason":"","footnotes":""},"tags":[10],"tribe_events_cat":[18,17],"class_list":["post-527","tribe_events","type-tribe_events","status-publish","hentry","tag-klima","tribe_events_cat-evenements","tribe_events_cat-kundgebung","cat_evenements","cat_kundgebung"],"acf":[],"yoast_head":"<!-- This site is optimized with the Yoast SEO plugin v26.9 - https:\/\/yoast.com\/product\/yoast-seo-wordpress\/ -->\n<title>VORLAGE WEBSITES FR<\/title>\n<meta name=\"description\" content=\"Am 8. Dezember 12:00 &#8211; 13:00 treffen wir uns auf dem Helvetiaplatz in Bern und l\u00f6sen zusammen mit tausenden von Menschen auf der ganzen Welt den Klima-Alarm aus! Wir laden alle Teilnehmenden ein, ihre Pfannen und L\u00f6ffel mitzubringen, um die gef\u00e4hrlich schl\u00e4frigen Entscheidungstr\u00e4ger aufzuwecken.             Wie der Generalsekret\u00e4r der Vereinten Nationen und Tausende von Wissenschaftler*innen betonen, stellt der Klimawandel eine \u00ab\u00a0existenzielle Bedrohung\u00a0\u00bb dar.       Das Jahresende 2018 ist entscheidend. W\u00e4hrend unser Parlament das CO2-Gesetz abschw\u00e4chen statt st\u00e4rken will, die globalen CO2-Emissionen weiter steigen und der autorit\u00e4re Nationalismus mit der aktiven Unterst\u00fctzung fossiler Energieunternehmen etwa in Brasilien an Macht gewinnt, treffen sich Staaten aus der ganzen Welt zur Klimakonferenz COP24 in Polen. Die Klimakonferenz ist besorgniserregend: Keines der europ\u00e4ischen L\u00e4nder hat seine Verpflichtungen aus dem Pariser Abkommen von 2015 erf\u00fcllt und die polnische Pr\u00e4sidentschaft ist bestrebt, beim Treffen einen Fokus auf \u00ab\u00a0saubere Kohle\u00a0\u00bb zu legen. Ende 2018 werden Entscheidungen gef\u00e4llt, bei denen die Existenzgrundlage von Millionen von Menschen, unsere Zukunft und die unserer Kinder auf dem Spiel stehen.             Es liegt an uns allen, die \u00f6kologische und solidarische Wende einzuleiten. Klimaunt\u00e4tigkeit ist eine politische Entscheidung! Wir wollen, dass die heutigen Entscheidungen darauf hinzielen, 1.5\u00b0C Klimawandel nicht zu \u00fcberschreiten.             Noch ist es nicht zu sp\u00e4t, die schlimmsten Folgen der menschgemachten Klimaerw\u00e4rmung zu verhindern, wie der j\u00fcngste Sonderbericht des Weltklimarats zeigt.             Lasst uns deshalb am 8. Dezember den Klima-Alarm ausl\u00f6sen! Zusammen mit tausenden von Menschen auf der ganzen Welt, in Genf, Paris, Dakar, Edinburgh, Berlin, Montreal machen wir so richtig L\u00e4rm mit Pfannen und L\u00f6ffeln, Trommeln und Trompeten und was sonst noch die Lautst\u00e4rke aufdrehen kann.\" \/>\n<meta name=\"robots\" content=\"index, follow, max-snippet:-1, max-image-preview:large, max-video-preview:-1\" \/>\n<link rel=\"canonical\" href=\"https:\/\/2019.gruenebern.ch\/vorlagefr\/event\/klima-alarm\" \/>\n<meta property=\"og:locale\" content=\"fr_FR\" \/>\n<meta property=\"og:type\" content=\"article\" \/>\n<meta property=\"og:description\" content=\"Am 8. Dezember 12:00 &#8211; 13:00 treffen wir uns auf dem Helvetiaplatz in Bern und l\u00f6sen zusammen mit tausenden von Menschen auf der \u2026\" \/>\n<meta property=\"og:url\" content=\"https:\/\/2019.gruenebern.ch\/vorlagefr\/event\/klima-alarm\" \/>\n<meta property=\"og:site_name\" content=\"VORLAGE WEBSITES FR\" \/>\n<meta name=\"twitter:card\" content=\"summary_large_image\" \/>\n<script type=\"application\/ld+json\" class=\"yoast-schema-graph\">{\"@context\":\"https:\/\/schema.org\",\"@graph\":[{\"@type\":\"WebPage\",\"@id\":\"https:\/\/2019.gruenebern.ch\/vorlagefr\/event\/klima-alarm\",\"url\":\"https:\/\/2019.gruenebern.ch\/vorlagefr\/event\/klima-alarm\",\"name\":\"\",\"isPartOf\":{\"@id\":\"https:\/\/2019.gruenebern.ch\/vorlagefr\/#website\"},\"datePublished\":\"2019-02-07T19:26:00+00:00\",\"description\":\"Am 8. Dezember 12:00 &#8211; 13:00 treffen wir uns auf dem Helvetiaplatz in Bern und l\u00f6sen zusammen mit tausenden von Menschen auf der ganzen Welt den Klima-Alarm aus! Wir laden alle Teilnehmenden ein, ihre Pfannen und L\u00f6ffel mitzubringen, um die gef\u00e4hrlich schl\u00e4frigen Entscheidungstr\u00e4ger aufzuwecken. Wie der Generalsekret\u00e4r der Vereinten Nationen und Tausende von Wissenschaftler*innen betonen, stellt der Klimawandel eine \u00ab\u00a0existenzielle Bedrohung\u00a0\u00bb dar. Das Jahresende 2018 ist entscheidend. W\u00e4hrend unser Parlament das CO2-Gesetz abschw\u00e4chen statt st\u00e4rken will, die globalen CO2-Emissionen weiter steigen und der autorit\u00e4re Nationalismus mit der aktiven Unterst\u00fctzung fossiler Energieunternehmen etwa in Brasilien an Macht gewinnt, treffen sich Staaten aus der ganzen Welt zur Klimakonferenz COP24 in Polen. Die Klimakonferenz ist besorgniserregend: Keines der europ\u00e4ischen L\u00e4nder hat seine Verpflichtungen aus dem Pariser Abkommen von 2015 erf\u00fcllt und die polnische Pr\u00e4sidentschaft ist bestrebt, beim Treffen einen Fokus auf \u00ab\u00a0saubere Kohle\u00a0\u00bb zu legen. Ende 2018 werden Entscheidungen gef\u00e4llt, bei denen die Existenzgrundlage von Millionen von Menschen, unsere Zukunft und die unserer Kinder auf dem Spiel stehen. Es liegt an uns allen, die \u00f6kologische und solidarische Wende einzuleiten. Klimaunt\u00e4tigkeit ist eine politische Entscheidung! Wir wollen, dass die heutigen Entscheidungen darauf hinzielen, 1.5\u00b0C Klimawandel nicht zu \u00fcberschreiten. Noch ist es nicht zu sp\u00e4t, die schlimmsten Folgen der menschgemachten Klimaerw\u00e4rmung zu verhindern, wie der j\u00fcngste Sonderbericht des Weltklimarats zeigt. Lasst uns deshalb am 8. Dezember den Klima-Alarm ausl\u00f6sen! Zusammen mit tausenden von Menschen auf der ganzen Welt, in Genf, Paris, Dakar, Edinburgh, Berlin, Montreal machen wir so richtig L\u00e4rm mit Pfannen und L\u00f6ffeln, Trommeln und Trompeten und was sonst noch die Lautst\u00e4rke aufdrehen kann.\",\"breadcrumb\":{\"@id\":\"https:\/\/2019.gruenebern.ch\/vorlagefr\/event\/klima-alarm#breadcrumb\"},\"inLanguage\":\"fr-FR\",\"potentialAction\":[{\"@type\":\"ReadAction\",\"target\":[\"https:\/\/2019.gruenebern.ch\/vorlagefr\/event\/klima-alarm\"]}]},{\"@type\":\"BreadcrumbList\",\"@id\":\"https:\/\/2019.gruenebern.ch\/vorlagefr\/event\/klima-alarm#breadcrumb\",\"itemListElement\":[{\"@type\":\"ListItem\",\"position\":1,\"name\":\"Page d'accueil\",\"item\":\"https:\/\/2019.gruenebern.ch\/vorlagefr\/\"},{\"@type\":\"ListItem\",\"position\":2,\"name\":\"\u00c9v\u00e8nements\",\"item\":\"https:\/\/2019.gruenebern.ch\/vorlagefr?post_type=tribe_events\"},{\"@type\":\"ListItem\",\"position\":3,\"name\":\"Klima-Alarm Kundgebung\"}]},{\"@type\":\"WebSite\",\"@id\":\"https:\/\/2019.gruenebern.ch\/vorlagefr\/#website\",\"url\":\"https:\/\/2019.gruenebern.ch\/vorlagefr\/\",\"name\":\"VORLAGE WEBSITES FR\",\"description\":\"Une longueur d&#039;avance\",\"potentialAction\":[{\"@type\":\"SearchAction\",\"target\":{\"@type\":\"EntryPoint\",\"urlTemplate\":\"https:\/\/2019.gruenebern.ch\/vorlagefr\/?s={search_term_string}\"},\"query-input\":{\"@type\":\"PropertyValueSpecification\",\"valueRequired\":true,\"valueName\":\"search_term_string\"}}],\"inLanguage\":\"fr-FR\"}]}<\/script>\n<!-- \/ Yoast SEO plugin. -->","yoast_head_json":{"title":"VORLAGE WEBSITES FR","description":"Am 8. Dezember 12:00 &#8211; 13:00 treffen wir uns auf dem Helvetiaplatz in Bern und l\u00f6sen zusammen mit tausenden von Menschen auf der ganzen Welt den Klima-Alarm aus! Wir laden alle Teilnehmenden ein, ihre Pfannen und L\u00f6ffel mitzubringen, um die gef\u00e4hrlich schl\u00e4frigen Entscheidungstr\u00e4ger aufzuwecken.             Wie der Generalsekret\u00e4r der Vereinten Nationen und Tausende von Wissenschaftler*innen betonen, stellt der Klimawandel eine \u00ab\u00a0existenzielle Bedrohung\u00a0\u00bb dar.       Das Jahresende 2018 ist entscheidend. W\u00e4hrend unser Parlament das CO2-Gesetz abschw\u00e4chen statt st\u00e4rken will, die globalen CO2-Emissionen weiter steigen und der autorit\u00e4re Nationalismus mit der aktiven Unterst\u00fctzung fossiler Energieunternehmen etwa in Brasilien an Macht gewinnt, treffen sich Staaten aus der ganzen Welt zur Klimakonferenz COP24 in Polen. Die Klimakonferenz ist besorgniserregend: Keines der europ\u00e4ischen L\u00e4nder hat seine Verpflichtungen aus dem Pariser Abkommen von 2015 erf\u00fcllt und die polnische Pr\u00e4sidentschaft ist bestrebt, beim Treffen einen Fokus auf \u00ab\u00a0saubere Kohle\u00a0\u00bb zu legen. Ende 2018 werden Entscheidungen gef\u00e4llt, bei denen die Existenzgrundlage von Millionen von Menschen, unsere Zukunft und die unserer Kinder auf dem Spiel stehen.             Es liegt an uns allen, die \u00f6kologische und solidarische Wende einzuleiten. Klimaunt\u00e4tigkeit ist eine politische Entscheidung! Wir wollen, dass die heutigen Entscheidungen darauf hinzielen, 1.5\u00b0C Klimawandel nicht zu \u00fcberschreiten.             Noch ist es nicht zu sp\u00e4t, die schlimmsten Folgen der menschgemachten Klimaerw\u00e4rmung zu verhindern, wie der j\u00fcngste Sonderbericht des Weltklimarats zeigt.             Lasst uns deshalb am 8. Dezember den Klima-Alarm ausl\u00f6sen! Zusammen mit tausenden von Menschen auf der ganzen Welt, in Genf, Paris, Dakar, Edinburgh, Berlin, Montreal machen wir so richtig L\u00e4rm mit Pfannen und L\u00f6ffeln, Trommeln und Trompeten und was sonst noch die Lautst\u00e4rke aufdrehen kann.","robots":{"index":"index","follow":"follow","max-snippet":"max-snippet:-1","max-image-preview":"max-image-preview:large","max-video-preview":"max-video-preview:-1"},"canonical":"https:\/\/2019.gruenebern.ch\/vorlagefr\/event\/klima-alarm","og_locale":"fr_FR","og_type":"article","og_description":"Am 8. Dezember 12:00 &#8211; 13:00 treffen wir uns auf dem Helvetiaplatz in Bern und l\u00f6sen zusammen mit tausenden von Menschen auf der \u2026","og_url":"https:\/\/2019.gruenebern.ch\/vorlagefr\/event\/klima-alarm","og_site_name":"VORLAGE WEBSITES FR","twitter_card":"summary_large_image","schema":{"@context":"https:\/\/schema.org","@graph":[{"@type":"WebPage","@id":"https:\/\/2019.gruenebern.ch\/vorlagefr\/event\/klima-alarm","url":"https:\/\/2019.gruenebern.ch\/vorlagefr\/event\/klima-alarm","name":"","isPartOf":{"@id":"https:\/\/2019.gruenebern.ch\/vorlagefr\/#website"},"datePublished":"2019-02-07T19:26:00+00:00","description":"Am 8. Dezember 12:00 &#8211; 13:00 treffen wir uns auf dem Helvetiaplatz in Bern und l\u00f6sen zusammen mit tausenden von Menschen auf der ganzen Welt den Klima-Alarm aus! Wir laden alle Teilnehmenden ein, ihre Pfannen und L\u00f6ffel mitzubringen, um die gef\u00e4hrlich schl\u00e4frigen Entscheidungstr\u00e4ger aufzuwecken. Wie der Generalsekret\u00e4r der Vereinten Nationen und Tausende von Wissenschaftler*innen betonen, stellt der Klimawandel eine \u00ab\u00a0existenzielle Bedrohung\u00a0\u00bb dar. Das Jahresende 2018 ist entscheidend. W\u00e4hrend unser Parlament das CO2-Gesetz abschw\u00e4chen statt st\u00e4rken will, die globalen CO2-Emissionen weiter steigen und der autorit\u00e4re Nationalismus mit der aktiven Unterst\u00fctzung fossiler Energieunternehmen etwa in Brasilien an Macht gewinnt, treffen sich Staaten aus der ganzen Welt zur Klimakonferenz COP24 in Polen. Die Klimakonferenz ist besorgniserregend: Keines der europ\u00e4ischen L\u00e4nder hat seine Verpflichtungen aus dem Pariser Abkommen von 2015 erf\u00fcllt und die polnische Pr\u00e4sidentschaft ist bestrebt, beim Treffen einen Fokus auf \u00ab\u00a0saubere Kohle\u00a0\u00bb zu legen. Ende 2018 werden Entscheidungen gef\u00e4llt, bei denen die Existenzgrundlage von Millionen von Menschen, unsere Zukunft und die unserer Kinder auf dem Spiel stehen. Es liegt an uns allen, die \u00f6kologische und solidarische Wende einzuleiten. Klimaunt\u00e4tigkeit ist eine politische Entscheidung! Wir wollen, dass die heutigen Entscheidungen darauf hinzielen, 1.5\u00b0C Klimawandel nicht zu \u00fcberschreiten. Noch ist es nicht zu sp\u00e4t, die schlimmsten Folgen der menschgemachten Klimaerw\u00e4rmung zu verhindern, wie der j\u00fcngste Sonderbericht des Weltklimarats zeigt. Lasst uns deshalb am 8. Dezember den Klima-Alarm ausl\u00f6sen! Zusammen mit tausenden von Menschen auf der ganzen Welt, in Genf, Paris, Dakar, Edinburgh, Berlin, Montreal machen wir so richtig L\u00e4rm mit Pfannen und L\u00f6ffeln, Trommeln und Trompeten und was sonst noch die Lautst\u00e4rke aufdrehen kann.","breadcrumb":{"@id":"https:\/\/2019.gruenebern.ch\/vorlagefr\/event\/klima-alarm#breadcrumb"},"inLanguage":"fr-FR","potentialAction":[{"@type":"ReadAction","target":["https:\/\/2019.gruenebern.ch\/vorlagefr\/event\/klima-alarm"]}]},{"@type":"BreadcrumbList","@id":"https:\/\/2019.gruenebern.ch\/vorlagefr\/event\/klima-alarm#breadcrumb","itemListElement":[{"@type":"ListItem","position":1,"name":"Page d'accueil","item":"https:\/\/2019.gruenebern.ch\/vorlagefr\/"},{"@type":"ListItem","position":2,"name":"\u00c9v\u00e8nements","item":"https:\/\/2019.gruenebern.ch\/vorlagefr?post_type=tribe_events"},{"@type":"ListItem","position":3,"name":"Klima-Alarm Kundgebung"}]},{"@type":"WebSite","@id":"https:\/\/2019.gruenebern.ch\/vorlagefr\/#website","url":"https:\/\/2019.gruenebern.ch\/vorlagefr\/","name":"VORLAGE WEBSITES FR","description":"Une longueur d&#039;avance","potentialAction":[{"@type":"SearchAction","target":{"@type":"EntryPoint","urlTemplate":"https:\/\/2019.gruenebern.ch\/vorlagefr\/?s={search_term_string}"},"query-input":{"@type":"PropertyValueSpecification","valueRequired":true,"valueName":"search_term_string"}}],"inLanguage":"fr-FR"}]}},"_links":{"self":[{"href":"https:\/\/2019.gruenebern.ch\/vorlagefr\/wp-json\/wp\/v2\/tribe_events\/527","targetHints":{"allow":["GET"]}}],"collection":[{"href":"https:\/\/2019.gruenebern.ch\/vorlagefr\/wp-json\/wp\/v2\/tribe_events"}],"about":[{"href":"https:\/\/2019.gruenebern.ch\/vorlagefr\/wp-json\/wp\/v2\/types\/tribe_events"}],"author":[{"embeddable":true,"href":"https:\/\/2019.gruenebern.ch\/vorlagefr\/wp-json\/wp\/v2\/users\/1"}],"version-history":[{"count":0,"href":"https:\/\/2019.gruenebern.ch\/vorlagefr\/wp-json\/wp\/v2\/tribe_events\/527\/revisions"}],"wp:attachment":[{"href":"https:\/\/2019.gruenebern.ch\/vorlagefr\/wp-json\/wp\/v2\/media?parent=527"}],"wp:term":[{"taxonomy":"post_tag","embeddable":true,"href":"https:\/\/2019.gruenebern.ch\/vorlagefr\/wp-json\/wp\/v2\/tags?post=527"},{"taxonomy":"tribe_events_cat","embeddable":true,"href":"https:\/\/2019.gruenebern.ch\/vorlagefr\/wp-json\/wp\/v2\/tribe_events_cat?post=527"}],"curies":[{"name":"wp","href":"https:\/\/api.w.org\/{rel}","templated":true}]}}